{"id":1102,"date":"2016-04-29T11:32:31","date_gmt":"2016-04-29T10:32:31","guid":{"rendered":"http:\/\/aib-kretzschmar.de\/cms\/?page_id=1102"},"modified":"2016-05-18T11:39:33","modified_gmt":"2016-05-18T10:39:33","slug":"erweiterung-efh-berlin","status":"publish","type":"page","link":"https:\/\/aib-kretzschmar.de\/cms\/?page_id=1102","title":{"rendered":"Erweiterung EFH Berlin"},"content":{"rendered":"<div id=\"pl-1102\"  class=\"panel-layout\" ><div id=\"pg-1102-0\"  class=\"panel-grid panel-has-style\" ><div style=\"padding: 30px 0; \" data-overlay=\"true\" class=\"panel-row-style panel-row-style-for-1102-0\" ><div id=\"pgc-1102-0-0\"  class=\"panel-grid-cell\" ><div id=\"panel-1102-0-0-0\" class=\"so-panel widget widget_sow-editor panel-first-child panel-last-child\" data-index=\"0\" ><div\n\t\t\t\n\t\t\tclass=\"so-widget-sow-editor so-widget-sow-editor-base\"\n\t\t\t\n\t\t>\n<div class=\"siteorigin-widget-tinymce textwidget\">\n\t<h5>Ausf\u00fchrung: Mai - September 2016<\/h5>\n<h5>Leistungsphasen: 1-7<\/h5>\n<h5>Bauherr: Privat<\/h5>\n<\/div>\n<\/div><\/div><\/div><\/div><\/div><div id=\"pg-1102-1\"  class=\"panel-grid panel-has-style\" ><div style=\"padding: 0px 0; \" data-overlay=\"true\" class=\"panel-row-style panel-row-style-for-1102-1\" ><div id=\"pgc-1102-1-0\"  class=\"panel-grid-cell\" ><div id=\"panel-1102-1-0-0\" class=\"so-panel widget widget_sow-image panel-first-child panel-last-child\" data-index=\"1\" ><div class=\"panel-widget-style panel-widget-style-for-1102-1-0-0\" ><div\n\t\t\t\n\t\t\tclass=\"so-widget-sow-image so-widget-sow-image-default-dbf295114b96-1102\"\n\t\t\t\n\t\t>\n<div class=\"sow-image-container\">\n\t\t\t<a href=\"http:\/\/aib-kretzschmar.de\/cms\/wp-content\/uploads\/2016\/04\/Pr\u00e4sentation-f\u00fcr-Website.jpg\"\n\t\t\ttarget=\"_blank\" rel=\"noopener noreferrer\" \t\t>\n\t\t\t<img \n\tsrc=\"https:\/\/aib-kretzschmar.de\/cms\/wp-content\/uploads\/2016\/04\/Pr\u00e4sentation-f\u00fcr-Website.jpg\" title=\"Ansicht EFH Berlin\" alt=\"\" \t\tclass=\"so-widget-image\"\/>\n\t\t\t<\/a><\/div>\n\n<\/div><\/div><\/div><\/div><div id=\"pgc-1102-1-1\"  class=\"panel-grid-cell panel-grid-cell-empty\" ><\/div><div id=\"pgc-1102-1-2\"  class=\"panel-grid-cell\" ><div id=\"panel-1102-1-2-0\" class=\"so-panel widget widget_sow-editor panel-first-child panel-last-child\" data-index=\"2\" ><div class=\"panel-widget-style panel-widget-style-for-1102-1-2-0\" ><div\n\t\t\t\n\t\t\tclass=\"so-widget-sow-editor so-widget-sow-editor-base\"\n\t\t\t\n\t\t>\n<div class=\"siteorigin-widget-tinymce textwidget\">\n\t<p>Der private Bauherr beabsichtigt die Erweiterung seines um die Jahrhundertwende erbauten Einfamilienhauses mit Satteldach . Bauliche Grenzen bestehen durch einen bereits vorhandenen und \u00a0unterkellerten K\u00fcchenanbau, dessen Gr\u00fcndung f\u00fcr die Erweiterung genutzt werden soll. Dem Bauherren wird daher eine schmale, zweigeschossige Erweiterung vorgeschlagen, zur optimalen Ausnutzung der geringen Geschossfl\u00e4chen erh\u00e4lt der Anbau ein Flachdach. Um m\u00f6glichst geringf\u00fcgig in das Bestandsgeb\u00e4ude eingreifen zu m\u00fcssen, erfolgt die Anbindung zwischen Bestand und Neubau durch eine Geb\u00e4udefuge mit gekapptem Satteldach unterhalb der vorh. Trauflinie. Der Bauk\u00f6rper erh\u00e4lt eine vollfl\u00e4chig horizontale Holzverschalung mit Schattenfuge, nur der sich im Obergeschoss zur Vergr\u00f6\u00dferung der Geschossfl\u00e4che herausschiebende Bauk\u00f6rper wird in Glattputz ausgef\u00fchrt. Der Anbau ruht auf einem Sockel aus Verblendermauerwerk und bezieht so trotz seiner Eigenst\u00e4ndigkeit Elemente des Bestandes mit ein.<\/p>\n<\/div>\n<\/div><\/div><\/div><\/div><\/div><\/div><\/div>","protected":false},"excerpt":{"rendered":"<p>Ausf\u00fchrung: Mai &#8211; September 2016Leistungsphasen: 1-7Bauherr: Privat Der private Bauherr beabsichtigt die Erweiterung seines um die Jahrhundertwende erbauten Einfamilienhauses mit Satteldach . [&hellip;]<\/p>\n","protected":false},"author":2,"featured_media":0,"parent":913,"menu_order":2,"comment_status":"closed","ping_status":"closed","template":"","meta":{"ngg_post_thumbnail":0,"footnotes":""},"class_list":["post-1102","page","type-page","status-publish","hentry"],"_links":{"self":[{"href":"https:\/\/aib-kretzschmar.de\/cms\/index.php?rest_route=\/wp\/v2\/pages\/1102","targetHints":{"allow":["GET"]}}],"collection":[{"href":"https:\/\/aib-kretzschmar.de\/cms\/index.php?rest_route=\/wp\/v2\/pages"}],"about":[{"href":"https:\/\/aib-kretzschmar.de\/cms\/index.php?rest_route=\/wp\/v2\/types\/page"}],"author":[{"embeddable":true,"href":"https:\/\/aib-kretzschmar.de\/cms\/index.php?rest_route=\/wp\/v2\/users\/2"}],"replies":[{"embeddable":true,"href":"https:\/\/aib-kretzschmar.de\/cms\/index.php?rest_route=%2Fwp%2Fv2%2Fcomments&post=1102"}],"version-history":[{"count":4,"href":"https:\/\/aib-kretzschmar.de\/cms\/index.php?rest_route=\/wp\/v2\/pages\/1102\/revisions"}],"predecessor-version":[{"id":1106,"href":"https:\/\/aib-kretzschmar.de\/cms\/index.php?rest_route=\/wp\/v2\/pages\/1102\/revisions\/1106"}],"up":[{"embeddable":true,"href":"https:\/\/aib-kretzschmar.de\/cms\/index.php?rest_route=\/wp\/v2\/pages\/913"}],"wp:attachment":[{"href":"https:\/\/aib-kretzschmar.de\/cms\/index.php?rest_route=%2Fwp%2Fv2%2Fmedia&parent=1102"}],"curies":[{"name":"wp","href":"https:\/\/api.w.org\/{rel}","templated":true}]}}